{"id":717,"date":"2019-10-02T15:40:24","date_gmt":"2019-10-02T13:40:24","guid":{"rendered":"http:\/\/uds.raneri.it\/?page_id=717"},"modified":"2023-04-17T09:51:31","modified_gmt":"2023-04-17T07:51:31","slug":"faq","status":"publish","type":"page","link":"https:\/\/usciredalsilenzio.it\/en\/faq\/","title":{"rendered":"FAQ"},"content":{"rendered":"<div data-elementor-type=\"wp-page\" data-elementor-id=\"717\" class=\"elementor elementor-717\" data-elementor-settings=\"[]\">\r\n\t\t\t<div class=\"elementor-inner\">\r\n\t\t\t\t<div class=\"elementor-section-wrap\">\r\n\t\t\t\t\t\t\t<section class=\"elementor-element elementor-element-3f813e11 elementor-section-boxed elementor-section-height-default elementor-section-height-default elementor-section elementor-top-section\" data-id=\"3f813e11\" data-element_type=\"section\">\r\n\t\t\t\t\t\t<div class=\"elementor-container elementor-column-gap-default\">\r\n\t\t\t\t<div class=\"elementor-row\">\r\n\t\t\t\t<div class=\"elementor-element elementor-element-183f91b3 elementor-column elementor-col-100 elementor-top-column\" data-id=\"183f91b3\" data-element_type=\"column\">\r\n\t\t\t<div class=\"elementor-column-wrap  elementor-element-populated\">\r\n\t\t\t\t\t<div class=\"elementor-widget-wrap\">\r\n\t\t\t\t<div class=\"elementor-element elementor-element-9b24abe elementor-widget elementor-widget-premium-addon-title\" data-id=\"9b24abe\" data-element_type=\"widget\" data-widget_type=\"premium-addon-title.default\">\r\n\t\t\t\t<div class=\"elementor-widget-container\">\r\n\t\t\t\r\n    <div class=\"premium-title-container style4\">\r\n        <h2 class=\"premium-title-header premium-title-style4\">\r\n            <i class=\"premium-title-icon fas fa-check\" aria-hidden=\"true\"><\/i>                <span >\r\n                    COME POSSO CONTATTARVI?                <\/span>\r\n                    <\/h2>\r\n    <\/div>\r\n\r\n    \t\t<\/div>\r\n\t\t\t\t<\/div>\r\n\t\t\t\t<div class=\"elementor-element elementor-element-07fed1d elementor-widget elementor-widget-text-editor\" data-id=\"07fed1d\" data-element_type=\"widget\" data-widget_type=\"text-editor.default\">\r\n\t\t\t\t<div class=\"elementor-widget-container\">\r\n\t\t\t\t\t<div class=\"elementor-text-editor elementor-clearfix\"><p><strong>Chiama\u00a0<\/strong><b>il numero verde <span style=\"font-size: 30px; color: #2fd10f;\">800 688 820<\/span>\u00a0<\/b><\/p><p>Una volontaria ti risponder\u00e0 ai seguenti orari:<\/p><p><b>Luned\u00ec<\/b> 19.30 &#8211; 21.30<br \/><b>Marted\u00ec <\/b>9.00 &#8211; 12.00<br \/><b>Mercoled\u00ec <\/b>9.00 &#8211; 12.00 \/ 15.30 &#8211; 18.30<br \/><b>Venerd\u00ec <\/b>15.30 &#8211; 18.30<br \/><b>Sabato <\/b>10.00 &#8211; 12.00<\/p><p><b><br \/>Il numero \u00e8 SEMPRE attivo: <\/b>se le volontarie non fossero disponibili a rispondere subito, lascia un messaggio alla segreteria telefonica.<\/p><p>Verrai richiamata nel pi\u00f9 breve tempo possibile!<\/p><\/div>\r\n\t\t\t\t<\/div>\r\n\t\t\t\t<\/div>\r\n\t\t\t\t<div class=\"elementor-element elementor-element-0ac6345 elementor-widget elementor-widget-premium-addon-title\" data-id=\"0ac6345\" data-element_type=\"widget\" data-widget_type=\"premium-addon-title.default\">\r\n\t\t\t\t<div class=\"elementor-widget-container\">\r\n\t\t\t\r\n    <div class=\"premium-title-container style4\">\r\n        <h2 class=\"premium-title-header premium-title-style4\">\r\n            <i class=\"premium-title-icon fas fa-check\" aria-hidden=\"true\"><\/i>                <span >\r\n                    Come funziona?                <\/span>\r\n                    <\/h2>\r\n    <\/div>\r\n\r\n    \t\t<\/div>\r\n\t\t\t\t<\/div>\r\n\t\t\t\t<div class=\"elementor-element elementor-element-f6864ee elementor-widget elementor-widget-text-editor\" data-id=\"f6864ee\" data-element_type=\"widget\" data-widget_type=\"text-editor.default\">\r\n\t\t\t\t<div class=\"elementor-widget-container\">\r\n\t\t\t\t\t<div class=\"elementor-text-editor elementor-clearfix\"><p>Durante la chiamata ti verranno chieste le prime informazioni di base. Verr\u00e0 quindi fissato un appuntamento presso la nostra sede con le volontarie del turno.<\/p><p>Se si tratta di un&#8217;emergenza, le nostre volontarie ti indicheranno le procedure da seguire in modo da poter ricevere subito assistenza e non lasciarti sola.<\/p><\/div>\r\n\t\t\t\t<\/div>\r\n\t\t\t\t<\/div>\r\n\t\t\t\t<div class=\"elementor-element elementor-element-a7c1d0b elementor-widget elementor-widget-premium-addon-title\" data-id=\"a7c1d0b\" data-element_type=\"widget\" data-widget_type=\"premium-addon-title.default\">\r\n\t\t\t\t<div class=\"elementor-widget-container\">\r\n\t\t\t\r\n    <div class=\"premium-title-container style4\">\r\n        <h2 class=\"premium-title-header premium-title-style4\">\r\n            <i class=\"premium-title-icon fas fa-check\" aria-hidden=\"true\"><\/i>                <span >\r\n                    CHI SONO LE OPERATRICI?                <\/span>\r\n                    <\/h2>\r\n    <\/div>\r\n\r\n    \t\t<\/div>\r\n\t\t\t\t<\/div>\r\n\t\t\t\t<div class=\"elementor-element elementor-element-ba95bff elementor-widget elementor-widget-text-editor\" data-id=\"ba95bff\" data-element_type=\"widget\" data-widget_type=\"text-editor.default\">\r\n\t\t\t\t<div class=\"elementor-widget-container\">\r\n\t\t\t\t\t<div class=\"elementor-text-editor elementor-clearfix\"><p><strong>TUTTE le nostre operatrici sono donne<\/strong> che offrono il loro operato in modo volontario e gratuito.\u00a0<\/p><p>La maggior parte delle nostre volontarie ha conseguito l&#8217;<strong>attestato OSA<\/strong> (Operatrice Servizi Antiviolenza) come richiesto dalla Regione Piemonte e sono quindi qualificate ad accompagnarvi durante tutto il tuo percorso.<\/p><\/div>\r\n\t\t\t\t<\/div>\r\n\t\t\t\t<\/div>\r\n\t\t\t\t<div class=\"elementor-element elementor-element-2658f9b elementor-widget elementor-widget-premium-addon-title\" data-id=\"2658f9b\" data-element_type=\"widget\" data-widget_type=\"premium-addon-title.default\">\r\n\t\t\t\t<div class=\"elementor-widget-container\">\r\n\t\t\t\r\n    <div class=\"premium-title-container style4\">\r\n        <h2 class=\"premium-title-header premium-title-style4\">\r\n            <i class=\"premium-title-icon fas fa-check\" aria-hidden=\"true\"><\/i>                <span >\r\n                    Spazio bimbi\/e                <\/span>\r\n                    <\/h2>\r\n    <\/div>\r\n\r\n    \t\t<\/div>\r\n\t\t\t\t<\/div>\r\n\t\t\t\t<div class=\"elementor-element elementor-element-e477fb0 elementor-widget elementor-widget-text-editor\" data-id=\"e477fb0\" data-element_type=\"widget\" data-widget_type=\"text-editor.default\">\r\n\t\t\t\t<div class=\"elementor-widget-container\">\r\n\t\t\t\t\t<div class=\"elementor-text-editor elementor-clearfix\"><p>Se sei accompagnata dai tuoi bimbi\/e e hai la necessit\u00e0 di parlare con noi, \u00e8 stato allestito uno spazio bimbi\/e\u00a0 in modo di permettere ai\/alle piccoli\/e di disegnare, leggere e distrarsi durante il colloquio con noi.<\/p><\/div>\r\n\t\t\t\t<\/div>\r\n\t\t\t\t<\/div>\r\n\t\t\t\t<div class=\"elementor-element elementor-element-6ac16ef elementor-widget elementor-widget-premium-addon-title\" data-id=\"6ac16ef\" data-element_type=\"widget\" data-widget_type=\"premium-addon-title.default\">\r\n\t\t\t\t<div class=\"elementor-widget-container\">\r\n\t\t\t\r\n    <div class=\"premium-title-container style4\">\r\n        <h2 class=\"premium-title-header premium-title-style4\">\r\n            <i class=\"premium-title-icon fas fa-check\" aria-hidden=\"true\"><\/i>                <span >\r\n                    come funziona la Consulenza psicologica?                <\/span>\r\n                    <\/h2>\r\n    <\/div>\r\n\r\n    \t\t<\/div>\r\n\t\t\t\t<\/div>\r\n\t\t\t\t<div class=\"elementor-element elementor-element-e7ec5cc elementor-widget elementor-widget-text-editor\" data-id=\"e7ec5cc\" data-element_type=\"widget\" data-widget_type=\"text-editor.default\">\r\n\t\t\t\t<div class=\"elementor-widget-container\">\r\n\t\t\t\t\t<div class=\"elementor-text-editor elementor-clearfix\"><p>Dopo una iniziale presa in carico presso il nostro centro, verr\u00e0 valutato insieme un possibile percorso di sostegno psicologico presso un ente a noi convenzionato.\u00a0<br \/><br \/><strong>Il percorso di Auto-aiuto si svolger\u00e0 presso la sede dell&#8217;associazione.<\/strong><\/p><\/div>\r\n\t\t\t\t<\/div>\r\n\t\t\t\t<\/div>\r\n\t\t\t\t<div class=\"elementor-element elementor-element-d4a6ae9 elementor-widget elementor-widget-premium-addon-title\" data-id=\"d4a6ae9\" data-element_type=\"widget\" data-widget_type=\"premium-addon-title.default\">\r\n\t\t\t\t<div class=\"elementor-widget-container\">\r\n\t\t\t\r\n    <div class=\"premium-title-container style4\">\r\n        <h2 class=\"premium-title-header premium-title-style4\">\r\n            <i class=\"premium-title-icon fas fa-check\" aria-hidden=\"true\"><\/i>                <span >\r\n                    come funziona la consulenza legale?                <\/span>\r\n                    <\/h2>\r\n    <\/div>\r\n\r\n    \t\t<\/div>\r\n\t\t\t\t<\/div>\r\n\t\t\t\t<div class=\"elementor-element elementor-element-0a2b228 elementor-widget elementor-widget-text-editor\" data-id=\"0a2b228\" data-element_type=\"widget\" data-widget_type=\"text-editor.default\">\r\n\t\t\t\t<div class=\"elementor-widget-container\">\r\n\t\t\t\t\t<div class=\"elementor-text-editor elementor-clearfix\"><p>Il nostro centro ha previsto delle collaborazioni con vari studi legali specializzati in materia: verr\u00e0 fornita una <strong>prima consulenza GRATUITA<\/strong> e poi si decider\u00e0 come procedere.\u00a0<\/p><\/div>\r\n\t\t\t\t<\/div>\r\n\t\t\t\t<\/div>\r\n\t\t\t\t<div class=\"elementor-element elementor-element-99ac5fe elementor-widget elementor-widget-premium-addon-title\" data-id=\"99ac5fe\" data-element_type=\"widget\" data-widget_type=\"premium-addon-title.default\">\r\n\t\t\t\t<div class=\"elementor-widget-container\">\r\n\t\t\t\r\n    <div class=\"premium-title-container style4\">\r\n        <h2 class=\"premium-title-header premium-title-style4\">\r\n            <i class=\"premium-title-icon fas fa-check\" aria-hidden=\"true\"><\/i>                <span >\r\n                    Se sono in difficolt\u00e0 economica?                <\/span>\r\n                    <\/h2>\r\n    <\/div>\r\n\r\n    \t\t<\/div>\r\n\t\t\t\t<\/div>\r\n\t\t\t\t<div class=\"elementor-element elementor-element-810e507 elementor-widget elementor-widget-text-editor\" data-id=\"810e507\" data-element_type=\"widget\" data-widget_type=\"text-editor.default\">\r\n\t\t\t\t<div class=\"elementor-widget-container\">\r\n\t\t\t\t\t<div class=\"elementor-text-editor elementor-clearfix\"><p>Il Centro Antiviolenza ti seguir\u00e0 e ti guider\u00e0 in modo da poter accedere a servizi gratuiti per poter iniziare una nuova vita da donna libera.\u00a0<\/p><\/div>\r\n\t\t\t\t<\/div>\r\n\t\t\t\t<\/div>\r\n\t\t\t\t\t\t<\/div>\r\n\t\t\t<\/div>\r\n\t\t<\/div>\r\n\t\t\t\t\t\t<\/div>\r\n\t\t\t<\/div>\r\n\t\t<\/section>\r\n\t\t\t\t<section class=\"elementor-element elementor-element-446e30a elementor-section-boxed elementor-section-height-default elementor-section-height-default elementor-section elementor-top-section\" data-id=\"446e30a\" data-element_type=\"section\">\r\n\t\t\t\t\t\t<div class=\"elementor-container elementor-column-gap-default\">\r\n\t\t\t\t<div class=\"elementor-row\">\r\n\t\t\t\t<div class=\"elementor-element elementor-element-f15802b elementor-column elementor-col-100 elementor-top-column\" data-id=\"f15802b\" data-element_type=\"column\">\r\n\t\t\t<div class=\"elementor-column-wrap\">\r\n\t\t\t\t\t<div class=\"elementor-widget-wrap\">\r\n\t\t\t\t\t\t<\/div>\r\n\t\t\t<\/div>\r\n\t\t<\/div>\r\n\t\t\t\t\t\t<\/div>\r\n\t\t\t<\/div>\r\n\t\t<\/section>\r\n\t\t\t\t\t\t<\/div>\r\n\t\t\t<\/div>\r\n\t\t<\/div>","protected":false},"excerpt":{"rendered":"<p>COME POSSO CONTATTARVI? Chiama\u00a0il numero verde 800 688 820\u00a0 Una volontaria ti risponder\u00e0 ai seguenti orari: Luned\u00ec 19.30 &#8211; 21.30Marted\u00ec 9.00 &#8211; 12.00Mercoled\u00ec 9.00 &#8211; 12.00 \/ 15.30 &#8211; 18.30Venerd\u00ec 15.30 &#8211; 18.30Sabato 10.00 &#8211; 12.00 Il numero \u00e8 SEMPRE attivo: se le volontarie non fossero disponibili a rispondere subito, lascia un messaggio alla segreteria [&hellip;]<\/p>","protected":false},"author":4,"featured_media":0,"parent":0,"menu_order":33,"comment_status":"closed","ping_status":"closed","template":"fullwidth-page.php","meta":{"footnotes":""},"class_list":["post-717","page","type-page","status-publish","hentry"],"_links":{"self":[{"href":"https:\/\/usciredalsilenzio.it\/en\/wp-json\/wp\/v2\/pages\/717","targetHints":{"allow":["GET"]}}],"collection":[{"href":"https:\/\/usciredalsilenzio.it\/en\/wp-json\/wp\/v2\/pages"}],"about":[{"href":"https:\/\/usciredalsilenzio.it\/en\/wp-json\/wp\/v2\/types\/page"}],"author":[{"embeddable":true,"href":"https:\/\/usciredalsilenzio.it\/en\/wp-json\/wp\/v2\/users\/4"}],"replies":[{"embeddable":true,"href":"https:\/\/usciredalsilenzio.it\/en\/wp-json\/wp\/v2\/comments?post=717"}],"version-history":[{"count":49,"href":"https:\/\/usciredalsilenzio.it\/en\/wp-json\/wp\/v2\/pages\/717\/revisions"}],"predecessor-version":[{"id":1593,"href":"https:\/\/usciredalsilenzio.it\/en\/wp-json\/wp\/v2\/pages\/717\/revisions\/1593"}],"wp:attachment":[{"href":"https:\/\/usciredalsilenzio.it\/en\/wp-json\/wp\/v2\/media?parent=717"}],"curies":[{"name":"wp","href":"https:\/\/api.w.org\/{rel}","templated":true}]}}